{"id":15412,"date":"2023-07-07T11:10:28","date_gmt":"2023-07-07T09:10:28","guid":{"rendered":"https:\/\/budapesttraveltours.com\/tour\/2-days-tour-to-auschwitz-krakow-from-budapest\/"},"modified":"2023-11-28T01:23:37","modified_gmt":"2023-11-28T00:23:37","slug":"2-days-tour-to-auschwitz-krakow-from-budapest","status":"publish","type":"tour","link":"https:\/\/budapesttraveltours.com\/de\/tour\/2-tagige-tour-von-budapest-nach-auschwitz-und-krakau\/","title":{"rendered":"2-t\u00e4gige Tour von Budapest nach Auschwitz und Krakau"},"content":{"rendered":"\n<p class=\"wp-block-paragraph\">Wenn Sie w\u00e4hrend <strong>Ihres Aufenthalts in Budapest das Konzentrationslager Auschwitz besuchen m\u00f6chten<\/strong>, aber keine lange Tagestour machen und viele Stunden im Auto verbringen m\u00f6chten, empfehlen wir Ihnen unseren Vorschlag f\u00fcr eine 2-Tages-Tour, die auch Krakau umfasst \u2013 am meisten wundersch\u00f6ne Stadt in Polen mit wundersch\u00f6ner Altstadt, die von der UNESCO in die Liste des Weltkulturerbes aufgenommen wurde. Wir empfehlen folgendes Programm:<\/p>\n\n\n\n<p class=\"wp-block-paragraph\">Wir holen Sie am fr\u00fchen Morgen von Ihrem Hotel in Budapest ab und unser englischsprachiger Fahrer bringt Sie direkt zu Ihrem Hotel in Krakau. Nach dem Check-in wird Sie unser \u00f6rtlicher privater englischsprachiger Reisef\u00fchrer in Ihrem Hotel abholen und Sie unternehmen einen privaten gef\u00fchrten Rundgang durch die sch\u00f6nsten Sehensw\u00fcrdigkeiten der Krakauer Altstadt, darunter das Wawel-Schloss und den <strong>Hauptmarkt <\/strong>mit der Marienkirche und den Tuchhallen. Sie werden auch Barbican, alte Geb\u00e4ude der Jagiellonen-Universit\u00e4t wie <strong>das Collegium Novum und das Collegium Maius<\/strong>, die Kanonicza-Stra\u00dfe, die Grodzka-Stra\u00dfe und viele andere interessante Sehensw\u00fcrdigkeiten sehen. Eine solche Tour w\u00fcrde etwa 3 Stunden dauern und anschlie\u00dfend haben Sie Zeit zur freien Verf\u00fcgung.<\/p>\n\n\n\n<p class=\"wp-block-paragraph\">Am zweiten Tag k\u00f6nnen Sie auch morgens etwas Zeit zur freien Verf\u00fcgung haben oder gleich nach dem Fr\u00fchst\u00fcck fr\u00fch aufbrechen. Wir verlassen Krakau und kehren nach Budapest zur\u00fcck, besuchen aber unterwegs die Konzentrationslager <strong>Auschwitz und Birkenau<\/strong>, die 1940 von deutschen Nazis errichtet wurden. Sie erhalten eine etwa 3,5 Stunden dauernde F\u00fchrung durch die Lager mit einem lokalen englischsprachigen F\u00fchrer. Nach der Besichtigung haben Sie etwas freie Zeit zum Mittagessen. Nach dem Mittagessen bringt Sie unser Fahrer direkt zu Ihrem Hotel in Budapest.<\/p>\n\n\n\n<p class=\"wp-block-paragraph\">*Da es sich um eine private Tour handelt, k\u00f6nnen wir diese Reiseroute auf besonderen Wunsch nat\u00fcrlich an Ihre Bed\u00fcrfnisse anpassen.<\/p>\n\n\n\n<p class=\"wp-block-paragraph\">Touren in: Spanisch, Deutsch, Franz\u00f6sisch, Italienisch auf Anfrage verf\u00fcgbar<\/p>\n\n\n\n<p class=\"wp-block-paragraph\"><strong>Preise:<\/strong><\/p>\n\n\n\n<ul class=\"wp-block-list\">\n<li>810 EUR pro Person (1 Person)<\/li>\n\n\n\n<li>425 EUR pro Person (2 Personen)<\/li>\n\n\n\n<li>310 EUR pro Person (3 Personen)<\/li>\n\n\n\n<li>265 EUR pro Person (4 Personen)<\/li>\n\n\n\n<li>225 EUR pro Person (5 Personen)<\/li>\n\n\n\n<li>195 EUR pro Person (6 Personen)<\/li>\n\n\n\n<li>175 EUR pro Person (7 Personen)<\/li>\n\n\n\n<li>Kontaktieren Sie uns (ab 8 Personen)<\/li>\n<\/ul>\n\n\n\n<p class=\"wp-block-paragraph\">*Die Preise beinhalten keine Unterkunft in Krakau. Auf Wunsch k\u00f6nnen wir Ihnen auch bei der Hotelbuchung behilflich sein<\/p>\n","protected":false},"excerpt":{"rendered":"<p>Wenn Sie w\u00e4hrend Ihres Aufenthalts in Budapest das Konzentrationslager Auschwitz besuchen m\u00f6chten, aber keine lange Tagestour machen und viele Stunden im Auto verbringen m\u00f6chten, empfehlen wir Ihnen unseren Vorschlag f\u00fcr eine 2-Tages-Tour, die auch Krakau umfasst \u2013 am meisten wundersch\u00f6ne Stadt in Polen mit wundersch\u00f6ner Altstadt, die von der UNESCO in die Liste des Weltkulturerbes [&hellip;]<\/p>\n","protected":false},"author":1,"featured_media":10973,"template":"","meta":{"footnotes":""},"tour_category":[273],"tour_tag":[285],"tour-age":[],"tour-activity":[],"tour-destination":[],"class_list":["post-15412","tour","type-tour","status-publish","has-post-thumbnail","hentry","tour_category-ausfluege-in-budapest","tour_tag-tours-de"],"yoast_head":"<!-- This site is optimized with the Yoast SEO plugin v28.0 - https:\/\/yoast.com\/product\/yoast-seo-wordpress\/ -->\n<title>2-t\u00e4gige Tour von Budapest nach Auschwitz und Krakau - BudapestTravelTours.com<\/title>\n<meta name=\"robots\" content=\"index, follow, max-snippet:-1, max-image-preview:large, max-video-preview:-1\" \/>\n<link rel=\"canonical\" href=\"https:\/\/budapesttraveltours.com\/de\/tour\/2-tagige-tour-von-budapest-nach-auschwitz-und-krakau\/\" \/>\n<meta property=\"og:locale\" content=\"de_DE\" \/>\n<meta property=\"og:type\" content=\"article\" \/>\n<meta property=\"og:title\" content=\"2-t\u00e4gige Tour von Budapest nach Auschwitz und Krakau - BudapestTravelTours.com\" \/>\n<meta property=\"og:description\" content=\"Wenn Sie w\u00e4hrend Ihres Aufenthalts in Budapest das Konzentrationslager Auschwitz besuchen m\u00f6chten, aber keine lange Tagestour machen und viele Stunden im Auto verbringen m\u00f6chten, empfehlen wir Ihnen unseren Vorschlag f\u00fcr eine 2-Tages-Tour, die auch Krakau umfasst \u2013 am meisten wundersch\u00f6ne Stadt in Polen mit wundersch\u00f6ner Altstadt, die von der UNESCO in die Liste des Weltkulturerbes [&hellip;]\" \/>\n<meta property=\"og:url\" content=\"https:\/\/budapesttraveltours.com\/de\/tour\/2-tagige-tour-von-budapest-nach-auschwitz-und-krakau\/\" \/>\n<meta property=\"og:site_name\" content=\"BudapestTravelTours.com\" \/>\n<meta property=\"article:modified_time\" content=\"2023-11-28T00:23:37+00:00\" \/>\n<meta property=\"og:image\" content=\"https:\/\/budapesttraveltours.com\/wp-content\/uploads\/2022\/01\/krakow_ea.jpg\" \/>\n\t<meta property=\"og:image:width\" content=\"1000\" \/>\n\t<meta property=\"og:image:height\" content=\"478\" \/>\n\t<meta property=\"og:image:type\" content=\"image\/jpeg\" \/>\n<meta name=\"twitter:card\" content=\"summary_large_image\" \/>\n<meta name=\"twitter:label1\" content=\"Gesch\u00e4tzte Lesezeit\" \/>\n\t<meta name=\"twitter:data1\" content=\"2\u00a0Minuten\" \/>\n<script type=\"application\/ld+json\" class=\"yoast-schema-graph\">{\"@context\":\"https:\\\/\\\/schema.org\",\"@graph\":[{\"@type\":\"WebPage\",\"@id\":\"https:\\\/\\\/budapesttraveltours.com\\\/de\\\/tour\\\/2-tagige-tour-von-budapest-nach-auschwitz-und-krakau\\\/\",\"url\":\"https:\\\/\\\/budapesttraveltours.com\\\/de\\\/tour\\\/2-tagige-tour-von-budapest-nach-auschwitz-und-krakau\\\/\",\"name\":\"2-t\u00e4gige Tour von Budapest nach Auschwitz und Krakau - BudapestTravelTours.com\",\"isPartOf\":{\"@id\":\"https:\\\/\\\/budapesttraveltours.com\\\/de\\\/#website\"},\"primaryImageOfPage\":{\"@id\":\"https:\\\/\\\/budapesttraveltours.com\\\/de\\\/tour\\\/2-tagige-tour-von-budapest-nach-auschwitz-und-krakau\\\/#primaryimage\"},\"image\":{\"@id\":\"https:\\\/\\\/budapesttraveltours.com\\\/de\\\/tour\\\/2-tagige-tour-von-budapest-nach-auschwitz-und-krakau\\\/#primaryimage\"},\"thumbnailUrl\":\"https:\\\/\\\/budapesttraveltours.com\\\/wp-content\\\/uploads\\\/2022\\\/01\\\/krakow_ea.jpg\",\"datePublished\":\"2023-07-07T09:10:28+00:00\",\"dateModified\":\"2023-11-28T00:23:37+00:00\",\"breadcrumb\":{\"@id\":\"https:\\\/\\\/budapesttraveltours.com\\\/de\\\/tour\\\/2-tagige-tour-von-budapest-nach-auschwitz-und-krakau\\\/#breadcrumb\"},\"inLanguage\":\"de\",\"potentialAction\":[{\"@type\":\"ReadAction\",\"target\":[\"https:\\\/\\\/budapesttraveltours.com\\\/de\\\/tour\\\/2-tagige-tour-von-budapest-nach-auschwitz-und-krakau\\\/\"]}]},{\"@type\":\"ImageObject\",\"inLanguage\":\"de\",\"@id\":\"https:\\\/\\\/budapesttraveltours.com\\\/de\\\/tour\\\/2-tagige-tour-von-budapest-nach-auschwitz-und-krakau\\\/#primaryimage\",\"url\":\"https:\\\/\\\/budapesttraveltours.com\\\/wp-content\\\/uploads\\\/2022\\\/01\\\/krakow_ea.jpg\",\"contentUrl\":\"https:\\\/\\\/budapesttraveltours.com\\\/wp-content\\\/uploads\\\/2022\\\/01\\\/krakow_ea.jpg\",\"width\":1000,\"height\":478},{\"@type\":\"BreadcrumbList\",\"@id\":\"https:\\\/\\\/budapesttraveltours.com\\\/de\\\/tour\\\/2-tagige-tour-von-budapest-nach-auschwitz-und-krakau\\\/#breadcrumb\",\"itemListElement\":[{\"@type\":\"ListItem\",\"position\":1,\"name\":\"Home\",\"item\":\"https:\\\/\\\/budapesttraveltours.com\\\/de\\\/\"},{\"@type\":\"ListItem\",\"position\":2,\"name\":\"2-t\u00e4gige Tour von Budapest nach Auschwitz und Krakau\"}]},{\"@type\":\"WebSite\",\"@id\":\"https:\\\/\\\/budapesttraveltours.com\\\/de\\\/#website\",\"url\":\"https:\\\/\\\/budapesttraveltours.com\\\/de\\\/\",\"name\":\"BudapestTravelTours.com\",\"description\":\"The Best Tours in Budapest\",\"potentialAction\":[{\"@type\":\"SearchAction\",\"target\":{\"@type\":\"EntryPoint\",\"urlTemplate\":\"https:\\\/\\\/budapesttraveltours.com\\\/de\\\/?s={search_term_string}\"},\"query-input\":{\"@type\":\"PropertyValueSpecification\",\"valueRequired\":true,\"valueName\":\"search_term_string\"}}],\"inLanguage\":\"de\"}]}<\/script>\n<!-- \/ Yoast SEO plugin. -->","yoast_head_json":{"title":"2-t\u00e4gige Tour von Budapest nach Auschwitz und Krakau - BudapestTravelTours.com","robots":{"index":"index","follow":"follow","max-snippet":"max-snippet:-1","max-image-preview":"max-image-preview:large","max-video-preview":"max-video-preview:-1"},"canonical":"https:\/\/budapesttraveltours.com\/de\/tour\/2-tagige-tour-von-budapest-nach-auschwitz-und-krakau\/","og_locale":"de_DE","og_type":"article","og_title":"2-t\u00e4gige Tour von Budapest nach Auschwitz und Krakau - BudapestTravelTours.com","og_description":"Wenn Sie w\u00e4hrend Ihres Aufenthalts in Budapest das Konzentrationslager Auschwitz besuchen m\u00f6chten, aber keine lange Tagestour machen und viele Stunden im Auto verbringen m\u00f6chten, empfehlen wir Ihnen unseren Vorschlag f\u00fcr eine 2-Tages-Tour, die auch Krakau umfasst \u2013 am meisten wundersch\u00f6ne Stadt in Polen mit wundersch\u00f6ner Altstadt, die von der UNESCO in die Liste des Weltkulturerbes [&hellip;]","og_url":"https:\/\/budapesttraveltours.com\/de\/tour\/2-tagige-tour-von-budapest-nach-auschwitz-und-krakau\/","og_site_name":"BudapestTravelTours.com","article_modified_time":"2023-11-28T00:23:37+00:00","og_image":[{"width":1000,"height":478,"url":"https:\/\/budapesttraveltours.com\/wp-content\/uploads\/2022\/01\/krakow_ea.jpg","type":"image\/jpeg"}],"twitter_card":"summary_large_image","twitter_misc":{"Gesch\u00e4tzte Lesezeit":"2\u00a0Minuten"},"schema":{"@context":"https:\/\/schema.org","@graph":[{"@type":"WebPage","@id":"https:\/\/budapesttraveltours.com\/de\/tour\/2-tagige-tour-von-budapest-nach-auschwitz-und-krakau\/","url":"https:\/\/budapesttraveltours.com\/de\/tour\/2-tagige-tour-von-budapest-nach-auschwitz-und-krakau\/","name":"2-t\u00e4gige Tour von Budapest nach Auschwitz und Krakau - BudapestTravelTours.com","isPartOf":{"@id":"https:\/\/budapesttraveltours.com\/de\/#website"},"primaryImageOfPage":{"@id":"https:\/\/budapesttraveltours.com\/de\/tour\/2-tagige-tour-von-budapest-nach-auschwitz-und-krakau\/#primaryimage"},"image":{"@id":"https:\/\/budapesttraveltours.com\/de\/tour\/2-tagige-tour-von-budapest-nach-auschwitz-und-krakau\/#primaryimage"},"thumbnailUrl":"https:\/\/budapesttraveltours.com\/wp-content\/uploads\/2022\/01\/krakow_ea.jpg","datePublished":"2023-07-07T09:10:28+00:00","dateModified":"2023-11-28T00:23:37+00:00","breadcrumb":{"@id":"https:\/\/budapesttraveltours.com\/de\/tour\/2-tagige-tour-von-budapest-nach-auschwitz-und-krakau\/#breadcrumb"},"inLanguage":"de","potentialAction":[{"@type":"ReadAction","target":["https:\/\/budapesttraveltours.com\/de\/tour\/2-tagige-tour-von-budapest-nach-auschwitz-und-krakau\/"]}]},{"@type":"ImageObject","inLanguage":"de","@id":"https:\/\/budapesttraveltours.com\/de\/tour\/2-tagige-tour-von-budapest-nach-auschwitz-und-krakau\/#primaryimage","url":"https:\/\/budapesttraveltours.com\/wp-content\/uploads\/2022\/01\/krakow_ea.jpg","contentUrl":"https:\/\/budapesttraveltours.com\/wp-content\/uploads\/2022\/01\/krakow_ea.jpg","width":1000,"height":478},{"@type":"BreadcrumbList","@id":"https:\/\/budapesttraveltours.com\/de\/tour\/2-tagige-tour-von-budapest-nach-auschwitz-und-krakau\/#breadcrumb","itemListElement":[{"@type":"ListItem","position":1,"name":"Home","item":"https:\/\/budapesttraveltours.com\/de\/"},{"@type":"ListItem","position":2,"name":"2-t\u00e4gige Tour von Budapest nach Auschwitz und Krakau"}]},{"@type":"WebSite","@id":"https:\/\/budapesttraveltours.com\/de\/#website","url":"https:\/\/budapesttraveltours.com\/de\/","name":"BudapestTravelTours.com","description":"The Best Tours in Budapest","potentialAction":[{"@type":"SearchAction","target":{"@type":"EntryPoint","urlTemplate":"https:\/\/budapesttraveltours.com\/de\/?s={search_term_string}"},"query-input":{"@type":"PropertyValueSpecification","valueRequired":true,"valueName":"search_term_string"}}],"inLanguage":"de"}]}},"_links":{"self":[{"href":"https:\/\/budapesttraveltours.com\/de\/wp-json\/wp\/v2\/tour\/15412","targetHints":{"allow":["GET"]}}],"collection":[{"href":"https:\/\/budapesttraveltours.com\/de\/wp-json\/wp\/v2\/tour"}],"about":[{"href":"https:\/\/budapesttraveltours.com\/de\/wp-json\/wp\/v2\/types\/tour"}],"author":[{"embeddable":true,"href":"https:\/\/budapesttraveltours.com\/de\/wp-json\/wp\/v2\/users\/1"}],"version-history":[{"count":3,"href":"https:\/\/budapesttraveltours.com\/de\/wp-json\/wp\/v2\/tour\/15412\/revisions"}],"predecessor-version":[{"id":15422,"href":"https:\/\/budapesttraveltours.com\/de\/wp-json\/wp\/v2\/tour\/15412\/revisions\/15422"}],"wp:featuredmedia":[{"embeddable":true,"href":"https:\/\/budapesttraveltours.com\/de\/wp-json\/wp\/v2\/media\/10973"}],"wp:attachment":[{"href":"https:\/\/budapesttraveltours.com\/de\/wp-json\/wp\/v2\/media?parent=15412"}],"wp:term":[{"taxonomy":"tour_category","embeddable":true,"href":"https:\/\/budapesttraveltours.com\/de\/wp-json\/wp\/v2\/tour_category?post=15412"},{"taxonomy":"tour_tag","embeddable":true,"href":"https:\/\/budapesttraveltours.com\/de\/wp-json\/wp\/v2\/tour_tag?post=15412"},{"taxonomy":"tour-age","embeddable":true,"href":"https:\/\/budapesttraveltours.com\/de\/wp-json\/wp\/v2\/tour-age?post=15412"},{"taxonomy":"tour-activity","embeddable":true,"href":"https:\/\/budapesttraveltours.com\/de\/wp-json\/wp\/v2\/tour-activity?post=15412"},{"taxonomy":"tour-destination","embeddable":true,"href":"https:\/\/budapesttraveltours.com\/de\/wp-json\/wp\/v2\/tour-destination?post=15412"}],"curies":[{"name":"wp","href":"https:\/\/api.w.org\/{rel}","templated":true}]}}